{"id":78,"date":"2025-03-04T09:46:40","date_gmt":"2025-03-04T14:46:40","guid":{"rendered":"https:\/\/cofradia-nsp.com.co\/?page_id=78"},"modified":"2025-03-04T11:37:07","modified_gmt":"2025-03-04T16:37:07","slug":"regimen","status":"publish","type":"page","link":"https:\/\/cofradia-nsp.com.co\/index.php\/regimen\/","title":{"rendered":"Regimen"},"content":{"rendered":"\n<p><\/p>\n\n\n\n<p><\/p>\n\n\n\n<p class=\"has-black-color has-text-color has-link-color has-roboto-font-family has-large-font-size wp-elements-a25c70a96f140533eb5f10df1c9017a5\"><\/p>\n\n\n\n<figure class=\"wp-block-image aligncenter size-full\"><img loading=\"lazy\" decoding=\"async\" width=\"467\" height=\"423\" src=\"https:\/\/cofradia-nsp.com.co\/wp-content\/uploads\/2025\/03\/image-6.png\" alt=\"\" class=\"wp-image-89\" srcset=\"https:\/\/cofradia-nsp.com.co\/wp-content\/uploads\/2025\/03\/image-6.png 467w, https:\/\/cofradia-nsp.com.co\/wp-content\/uploads\/2025\/03\/image-6-300x272.png 300w\" sizes=\"auto, (max-width: 467px) 100vw, 467px\" \/><\/figure>\n\n\n\n<p class=\"has-black-color has-text-color has-link-color has-roboto-font-family has-large-font-size wp-elements-f91928e25d485d485b674ab9f082d7ad\"><strong>ASAMBLEA GENERAL<\/strong><\/p>\n\n\n\n<p class=\"has-black-color has-text-color has-link-color wp-elements-d1e7fd5ad113af3b3fc5d24912fb80d8\">La Asamblea General es la m\u00e1xima autoridad de la cofrad\u00eda, sus decisiones ser\u00e1n de obligatorio cumplimiento, incluso para los ausentes o disidentes. La Asamblea General la constituir\u00e1n todos los cofrades inscritos, o sus representantes o delegados, reunidos con el qu\u00f3rum y las condiciones previstas en el reglamento. Todos los cofrades tendr\u00e1n derecho a participar en sus deliberaciones y a votar en ella. El voto de cada uno equivaldr\u00e1 en igualdad de derechos.<br><br>La Asamblea General se reunir\u00e1 Ordinariamente una (1) vez al a\u00f1o, en el mes de junio del a\u00f1o de la vigencia; con el fin de examinar la situaci\u00f3n general, efectuar los nombramientos cuya elecci\u00f3n le corresponda, considerar y aprobar las cuentas del \u00faltimo ejercicio y presupuesto para el a\u00f1o. Se reunir\u00e1 en forma extraordinaria cuando las necesidades imprevistas o urgentes de la cofrad\u00eda as\u00ed lo ameriten, por convocatoria del mayordomo, del Consejo Directivo o de un n\u00famero plural de cofrades que representen, por lo menos, la quinta parte de los cofrades inscritos.<\/p>\n\n\n\n<p class=\"has-black-color has-text-color has-link-color has-roboto-font-family has-large-font-size wp-elements-8beacddc5aca4583306436176ed64ba4\"><strong>CONSEJO DIRECTIVO<\/strong><\/p>\n\n\n\n<p class=\"has-black-color has-text-color has-link-color wp-elements-66f5f1a00bcd766fef17ef8b86933641\">La autoridad y gobierno de la Cofrad\u00eda estar\u00e1 a cargo del Consejo Directivo nombrado por la Asamblea General de la cofrad\u00eda. Son funciones del Consejo Directivo: Dirigir a la Cofrad\u00eda. Hacer cumplir el Estatuto y Reglamento de la Cofrad\u00eda. Aprobar el calendario anual de actividades de la Cofrad\u00eda. Mantener al d\u00eda el balance econ\u00f3mico de la Cofrad\u00eda. Elaborar, presentar y ejecutar el presupuesto econ\u00f3mico de la Cofrad\u00eda. Entre otras.<br><br>El Consejo Directivo, para el periodo 2024-2026, est\u00e1 integrado por:<\/p>\n\n\n\n<ul class=\"wp-block-list\">\n<li class=\"has-black-color has-text-color has-link-color wp-elements-0ea7f9fbdeea6afc03ec5f4b8416611d\">presidente: Sr. Yassin Farud Vargas Pulgarin<\/li>\n\n\n\n<li class=\"has-black-color has-text-color has-link-color wp-elements-6a629f87d126fb7e24d5c964f6612ff6\">Vice-presidente: Sra. Lizeth Tatiana Gomez<\/li>\n\n\n\n<li class=\"has-black-color has-text-color has-link-color wp-elements-25e6b337288c8020910bb36fd3aa3185\">Secretario: Sr. Alberto Giraldo Cardona<\/li>\n\n\n\n<li class=\"has-black-color has-text-color has-link-color wp-elements-0e508625425c0d8b0ad840d802f4afcf\">Tesorero: Sr. H\u00e9ctor Eli Navarro<\/li>\n\n\n\n<li class=\"has-black-color has-text-color has-link-color wp-elements-4b016303673fe98a001fdb4a466f47c9\">Vocal: Sr. Andr\u00e9s Stiven Panesso M.<\/li>\n<\/ul>\n\n\n\n<p class=\"has-black-color has-text-color has-link-color has-roboto-font-family has-large-font-size wp-elements-7ce9a27f701634514b0755c8930793f0\"><strong>MAYORDOMO MAYOR<\/strong><\/p>\n\n\n\n<p class=\"has-black-color has-text-color has-link-color wp-elements-23a40b33cde037864e7efee4df9a665e\">Es la persona encargada de coordinar a todos los integrantes de la Cofrad\u00eda mayor; igualmente debe coordinar los recorridos procesionales as\u00ed como la asignaci\u00f3n de los grupos de cargueros en cada uno de los pasos que representan a la Cofrad\u00eda. El Mayordomo Mayor tendr\u00e1 especial participaci\u00f3n en la celebraci\u00f3n de la Semana Mayor, en la Semana Santa Infantil no tendr\u00e1 injerencia alguna, dado que la responsabilidad del desarrollo de la misma corresponde a los Coordinadores de la Cofrad\u00eda Infantil.<\/p>\n\n\n\n<p class=\"has-black-color has-text-color has-link-color wp-elements-9ea2e6440156d2669ecfb17df4f76930\">Para el periodo 2022 -2024 fue elegido como Mayordomo Mayor al Sr. Duv\u00e1n Santiago Echeverri Calder\u00f3n<\/p>\n\n\n\n<p class=\"has-roboto-font-family has-large-font-size\"><strong>COFRAD\u00cdA MAYOR<\/strong><\/p>\n\n\n\n<p class=\"has-black-color has-text-color has-link-color wp-elements-c74eb130026ea03e97d0e5cb7dd593b9\">Conformar\u00e1n la cofrad\u00eda mayor, todas las personas mayores de dieciocho a\u00f1os; estos podr\u00e1n ser: Cargueros, S\u00edndicos, Acompa\u00f1antes.<br><br>Tendr\u00e1n la categor\u00eda de <em><strong>Acompa\u00f1antes<\/strong><\/em>, aquellos c\u00f3frades que no realizan la actividad de cargar pasos, pero realizan acompa\u00f1amientos en las diferentes procesiones; los acompa\u00f1antes son: mujeres que usan el traje de carguero, personas con discapacidad funcional o emocional, cargueros mayores de edad que han perdido la capacidad de cargar las andas. Todos los acompa\u00f1antes deben usar el h\u00e1bito de carguero, con las mismas caracter\u00edsticas y dise\u00f1o establecidos en el reglamento.<br><br>Los miembros de la cofrad\u00eda Mayor, s\u00f3lo participar\u00e1n de la Semana Santa mayor, excepto aquellos que tengan alguna coordinaci\u00f3n o responsabilidad dentro de la Semana Santa Infantil.<br><br><strong>REPRESENTACI\u00d3N:<\/strong> Todos los integrantes de la Cofrad\u00eda Mayor tendr\u00e1n representaci\u00f3n propia; se regir\u00e1n por el presente reglamento y tendr\u00e1n los mismos derechos, deberes y responsabilidades de los dem\u00e1s c\u00f3frades. El ingreso a la cofrad\u00eda, se realizar\u00e1 mediante la firma de la respectiva ficha de inscripci\u00f3n, la cual estar\u00e1 firmada por cada cofrade que manifiesta su inter\u00e9s de participar.<br><br><strong>COORDINACION:<\/strong> La Cofrad\u00eda Mayor ser\u00e1 coordinada por el mayordomo Mayor, quien a su vez elegir\u00e1 los diferentes Coordinadores de Grupo que se requieran.<br><br>Los S\u00edndicos y Coordinares de grupo, no tendr\u00e1n autoridad mayor ante los dem\u00e1s c\u00f3frades, salvo en el momento procesional, donde deber\u00e1n garantizar el correcto cargue del paso con los cargueros asignados.<\/p>\n\n\n\n<p class=\"has-roboto-font-family has-large-font-size\"><strong>COFRAD\u00cdA INFANTIL<\/strong><\/p>\n\n\n\n<p class=\"has-black-color has-text-color has-link-color wp-elements-dc586b2e92e454c8b126405804041e2e\">conformar\u00e1n la cofrad\u00eda infantil todos los ni\u00f1os entre los 1 y los 17 a\u00f1os; estos podr\u00e1n ser: Cargueros, Regidores, Acompa\u00f1antes. <br><br>Los miembros de la cofrad\u00eda infantil podr\u00e1n participar tanto en la Semana Santa Infantil como en la de mayores. <br><br><strong>REPRESENTACI\u00d3N: <\/strong>Todos los integrantes de la cofrad\u00eda infantil ser\u00e1n representados por sus padres debidamente identificados; se regir\u00e1n por el presente reglamento y tendr\u00e1n los mismos derechos, deberes y responsabilidades de los dem\u00e1s c\u00f3frades. El ingreso a la cofrad\u00eda, se realizar\u00e1 mediante la firma de la respectiva ficha de inscripci\u00f3n, la cual estar\u00e1 firmada por los padres y el ni\u00f1o que manifiesta su inter\u00e9s de participar.<br><br><strong>COORDINACION: <\/strong>La Cofrad\u00eda Infantil tendr\u00e1 una coordinaci\u00f3n de grupo, la cual estar\u00e1 compuesta por dos integrantes elegidos por la Asamblea General para un periodo de dos (2) a\u00f1os; esta coordinaci\u00f3n elegir\u00e1 a su vez un Grupo de Apoyo para coordinar al grupo de ni\u00f1os.<br><br>Un vez los j\u00f3venes cumplan la mayor\u00eda de edad pasar\u00e1n a la Cofrad\u00eda Mayor, y se realizar\u00e1 el ascenso y cambio de banda en ceremonia especial.<\/p>\n\n\n\n<p class=\"has-black-color has-text-color has-link-color has-roboto-font-family has-large-font-size wp-elements-0a34cb44273891013910145dbe3b5644\"><strong>GRUPO DE SAHUMADORAS Y SAMARITANAS<\/strong><\/p>\n\n\n\n<p class=\"has-black-color has-text-color has-link-color wp-elements-e95a25af8e76c556b00201984bad5c2b\">Conformar\u00e1n el grupo de Sahumadoras y Samaritanas, todas aquellas ni\u00f1as y mujeres, que deseen pertenecer a este grupo especial y manifiesten su inter\u00e9s. Las Sahumadoras menores de diecisiete a\u00f1os, podr\u00e1n participar en la semana santa infantil durante los tres d\u00edas de la misma. En la Semana Santa Mayor, el grupo de Sahumadores y Samaritanas, s\u00f3lo podr\u00e1n participar los d\u00edas viernes santo en la noche y s\u00e1bado santo.<br><br>El grupo de sahumaduras har\u00e1n parte de la Cofrad\u00eda Infantil y el grupo de Samaritanas de la Cofrad\u00eda Mayor.<br><br><strong>REPRESENTACI\u00d3N: <\/strong>Las sahumaduras por ser menores ser\u00e1n representadas por sus padres o acudiente, debidamente identificado; las Samaritanas tendr\u00e1n representaci\u00f3n propia. El grupo se regir\u00e1 por el presente reglamento y tendr\u00e1n los mismos derechos, deberes y responsabilidades de los dem\u00e1s c\u00f3frades.  El ingreso a la cofrad\u00eda, se realizar\u00e1 mediante la firma de la respectiva ficha de inscripci\u00f3n, la cual estar\u00e1 firmada por la sahumadora o samaritana; en el caso de los menores de edad, la ficha ser\u00e1 firmada por los padres y la ni\u00f1a que manifiesta su inter\u00e9s de participar.<br><br><strong>COORDINACION: <\/strong>El Grupo de Sahumadoras y Samaritanas tendr\u00e1 una coordinaci\u00f3n de grupo, la cual estar\u00e1 compuesta por dos integrantes elegidos por la Asamblea General para un periodo de dos (2) a\u00f1os; esta coordinaci\u00f3n elegir\u00e1 a su vez un Grupo de Apoyo<\/p>\n","protected":false},"excerpt":{"rendered":"<p>ASAMBLEA GENERAL La Asamblea General es la m\u00e1xima autoridad de la cofrad\u00eda, sus decisiones ser\u00e1n de obligatorio cumplimiento, incluso para los ausentes o disidentes. La Asamblea General la constituir\u00e1n todos los cofrades inscritos, o sus representantes o delegados, reunidos con el qu\u00f3rum y las condiciones previstas en el reglamento. Todos los cofrades tendr\u00e1n derecho a [&hellip;]<\/p>\n","protected":false},"author":1,"featured_media":0,"parent":0,"menu_order":0,"comment_status":"closed","ping_status":"closed","template":"","meta":{"footnotes":""},"class_list":["post-78","page","type-page","status-publish","hentry"],"_links":{"self":[{"href":"https:\/\/cofradia-nsp.com.co\/index.php\/wp-json\/wp\/v2\/pages\/78","targetHints":{"allow":["GET"]}}],"collection":[{"href":"https:\/\/cofradia-nsp.com.co\/index.php\/wp-json\/wp\/v2\/pages"}],"about":[{"href":"https:\/\/cofradia-nsp.com.co\/index.php\/wp-json\/wp\/v2\/types\/page"}],"author":[{"embeddable":true,"href":"https:\/\/cofradia-nsp.com.co\/index.php\/wp-json\/wp\/v2\/users\/1"}],"replies":[{"embeddable":true,"href":"https:\/\/cofradia-nsp.com.co\/index.php\/wp-json\/wp\/v2\/comments?post=78"}],"version-history":[{"count":6,"href":"https:\/\/cofradia-nsp.com.co\/index.php\/wp-json\/wp\/v2\/pages\/78\/revisions"}],"predecessor-version":[{"id":90,"href":"https:\/\/cofradia-nsp.com.co\/index.php\/wp-json\/wp\/v2\/pages\/78\/revisions\/90"}],"wp:attachment":[{"href":"https:\/\/cofradia-nsp.com.co\/index.php\/wp-json\/wp\/v2\/media?parent=78"}],"curies":[{"name":"wp","href":"https:\/\/api.w.org\/{rel}","templated":true}]}}