{"id":55,"date":"2025-03-04T08:49:16","date_gmt":"2025-03-04T13:49:16","guid":{"rendered":"https:\/\/cofradia-nsp.com.co\/?page_id=55"},"modified":"2025-03-10T11:08:32","modified_gmt":"2025-03-10T16:08:32","slug":"simbolos-de-la-cofradia","status":"publish","type":"page","link":"https:\/\/cofradia-nsp.com.co\/index.php\/simbolos-de-la-cofradia\/","title":{"rendered":"SIMBOLOS DE LA COFRAD\u00cdA"},"content":{"rendered":"\n<p class=\"has-background-background-color has-background\"><\/p>\n\n\n\n<div class=\"wp-block-group is-layout-constrained wp-block-group-is-layout-constrained\">\n<p class=\"has-roboto-font-family has-large-font-size\" style=\"font-style:normal;font-weight:700\"><strong>ESTANDARTE<\/strong><\/p>\n\n\n\n<div class=\"wp-block-group is-horizontal is-content-justification-center is-layout-flex wp-container-core-group-is-layout-4f6f85ca wp-block-group-is-layout-flex\">\n<figure class=\"wp-block-image size-full is-resized\"><img loading=\"lazy\" decoding=\"async\" width=\"156\" height=\"250\" src=\"https:\/\/cofradia-nsp.com.co\/wp-content\/uploads\/2025\/03\/image.png\" alt=\"\" class=\"wp-image-59\" style=\"width:161px;height:auto\"\/><\/figure>\n\n\n\n<p class=\"has-black-color has-text-color has-link-color has-extra-small-font-size wp-elements-54d7ca546a49a0bbf11a64558d376bdb\">Se trata de una pieza de forma rectangular disponiendo los adornos en forma vertical, con unas medidas aproximadas de 1 m. de ancho por 1,50 m. de alto, confeccionado en tela de base de doble cara; el remate inferior es ondulado rematado con ribete de flecos dorados y dos borlas doradas; en la parte superior seis anillas en tela sirven para introducir la barra de sustentaci\u00f3n. Un rico bordado con hilos de oro a m\u00e1quina con abundante filigrana enmarca un lienzo de forma oval en cuyo interior est\u00e1 bordado el emblema de la cofrad\u00eda.<br><br>El estandarte se confecciona en dos (2) colores; sobre fondo ROJO que ser\u00e1 empleado los domingos de ramos y pascua, y en las dem\u00e1s celebraciones donde participe la Cofrad\u00eda; sobre fondo NEGRO para actividades solemnes y en las procesiones nocturnas de Semana Santa.<br><br>El Estandarte de la Cofrad\u00eda, ser\u00e1 usado en actividades oficiales y en sesiones solemnes, velatorios de hermanos(as), y cuando el Consejo Directivo lo disponga<\/p>\n<\/div>\n\n\n\n<p class=\"has-black-color has-text-color has-link-color has-roboto-font-family has-large-font-size wp-elements-6f75142f790709e4cb981e254a8ce0a4\"><strong>EMBLEMA<\/strong><\/p>\n\n\n\n<div class=\"wp-block-group is-content-justification-center is-layout-flex wp-container-core-group-is-layout-b02886af wp-block-group-is-layout-flex\">\n<figure class=\"wp-block-image size-full is-resized\"><img loading=\"lazy\" decoding=\"async\" width=\"156\" height=\"250\" src=\"https:\/\/cofradia-nsp.com.co\/wp-content\/uploads\/2025\/03\/image-1.png\" alt=\"\" class=\"wp-image-60\" style=\"width:155px;height:auto\"\/><\/figure>\n\n\n\n<p class=\"has-black-color has-text-color has-link-color has-extra-small-font-size wp-elements-23ce6e907b6f9a98bfc825953f2dc1da\">El emblema de la cofrad\u00eda se constituye de un s\u00edmbolo formado por letras, se trata del anagrama mariano; est\u00e1 compuesto por las letras A y M que significan Ave Mar\u00eda. En la parte superior la corona denominando a la reina del cielo, dado que as\u00ed tambi\u00e9n denominan a Mar\u00eda, la corona es la que pertenece y se encuentra en las im\u00e1genes de la Virgen de la Pobreza de la ciudad de Pereira.<br><br>Las siglas del emblema &#8220;C.N.S.P.&#8221; (Cofrad\u00eda Nuestra Se\u00f1ora de la Pobreza), se grabar\u00e1n en las insignias de la Cofrad\u00eda para su identificaci\u00f3n. Igualmente se ubicar\u00e1n las siglas en la parte inferior del emblema en las prendas que identifican la cofrad\u00eda.<\/p>\n<\/div>\n\n\n\n<p class=\"has-black-color has-text-color has-link-color has-roboto-font-family has-large-font-size wp-elements-6ac3e79d3f236904085e49a59340f994\"><strong>MEDALLA<\/strong><\/p>\n\n\n\n<div class=\"wp-block-group is-content-justification-center is-layout-flex wp-container-core-group-is-layout-b02886af wp-block-group-is-layout-flex\">\n<figure class=\"wp-block-image size-full is-resized\"><img loading=\"lazy\" decoding=\"async\" width=\"256\" height=\"223\" src=\"https:\/\/cofradia-nsp.com.co\/wp-content\/uploads\/2025\/03\/image-3.png\" alt=\"\" class=\"wp-image-62\" style=\"width:225px\"\/><\/figure>\n\n\n\n<p class=\"has-black-color has-text-color has-link-color wp-elements-740d9497cb0a80cceb50392257ce2c84\">La medalla ser\u00e1 el s\u00edmbolo distintivo individual de los c\u00f3frades. En el anverso sobre un circulo se reproducir\u00e1 el emblema de la cofrad\u00eda con las siglas C.N.S.P; en el reverso aparecer\u00e1 la inscripci\u00f3n COFRAD\u00cdA NUESTRA SE\u00d1ORA DE LA POBREZA &#8211; PEREIRA &#8211; 2017; la medalla estar\u00e1 sujeta con un cord\u00f3n trenzado de color azul oscuro.<br><br>Las medallas ser\u00e1n impuestas a los nuevos cofrades en una ceremonia especial semanas antes de la Semana Santa cada a\u00f1o.&nbsp;La medalla la portar\u00e1n todos los c\u00f3frades como s\u00edmbolo de pertenencia a la Cofrad\u00eda por lo que est\u00e1 prohibido su uso en actos diferentes a los aprobados por el Consejo Directivo.<\/p>\n<\/div>\n\n\n\n<p><\/p>\n<\/div>\n","protected":false},"excerpt":{"rendered":"<p>ESTANDARTE Se trata de una pieza de forma rectangular disponiendo los adornos en forma vertical, con unas medidas aproximadas de 1 m. de ancho por 1,50 m. de alto, confeccionado en tela de base de doble cara; el remate inferior es ondulado rematado con ribete de flecos dorados y dos borlas doradas; en la parte [&hellip;]<\/p>\n","protected":false},"author":1,"featured_media":0,"parent":0,"menu_order":0,"comment_status":"closed","ping_status":"closed","template":"","meta":{"footnotes":""},"class_list":["post-55","page","type-page","status-publish","hentry"],"_links":{"self":[{"href":"https:\/\/cofradia-nsp.com.co\/index.php\/wp-json\/wp\/v2\/pages\/55","targetHints":{"allow":["GET"]}}],"collection":[{"href":"https:\/\/cofradia-nsp.com.co\/index.php\/wp-json\/wp\/v2\/pages"}],"about":[{"href":"https:\/\/cofradia-nsp.com.co\/index.php\/wp-json\/wp\/v2\/types\/page"}],"author":[{"embeddable":true,"href":"https:\/\/cofradia-nsp.com.co\/index.php\/wp-json\/wp\/v2\/users\/1"}],"replies":[{"embeddable":true,"href":"https:\/\/cofradia-nsp.com.co\/index.php\/wp-json\/wp\/v2\/comments?post=55"}],"version-history":[{"count":9,"href":"https:\/\/cofradia-nsp.com.co\/index.php\/wp-json\/wp\/v2\/pages\/55\/revisions"}],"predecessor-version":[{"id":135,"href":"https:\/\/cofradia-nsp.com.co\/index.php\/wp-json\/wp\/v2\/pages\/55\/revisions\/135"}],"wp:attachment":[{"href":"https:\/\/cofradia-nsp.com.co\/index.php\/wp-json\/wp\/v2\/media?parent=55"}],"curies":[{"name":"wp","href":"https:\/\/api.w.org\/{rel}","templated":true}]}}