{"id":2,"date":"2025-02-20T15:18:48","date_gmt":"2025-02-20T15:18:48","guid":{"rendered":"https:\/\/cofradia-nsp.com.co\/?page_id=2"},"modified":"2025-03-12T09:14:36","modified_gmt":"2025-03-12T14:14:36","slug":"inicio","status":"publish","type":"page","link":"https:\/\/cofradia-nsp.com.co\/index.php\/inicio\/","title":{"rendered":"Inicio"},"content":{"rendered":"\n<div class=\"wp-block-cover\"><span aria-hidden=\"true\" class=\"wp-block-cover__background has-background-dim\"><\/span><div class=\"wp-block-cover__inner-container is-layout-flow wp-block-cover-is-layout-flow\">\n<div class=\"wp-block-group is-layout-constrained wp-block-group-is-layout-constrained\">\n<div class=\"wp-block-columns is-layout-flex wp-container-core-columns-is-layout-28f84493 wp-block-columns-is-layout-flex\">\n<div class=\"wp-block-column is-layout-flow wp-block-column-is-layout-flow\" style=\"flex-basis:100%\">\n<div class=\"wp-block-group is-nowrap is-layout-flex wp-container-core-group-is-layout-6c531013 wp-block-group-is-layout-flex\">\n<pre class=\"wp-block-verse has-extra-small-font-size\" style=\"margin-right:0;margin-left:0\"><strong>Oraci\u00f3n a Nuestra Se\u00f1ora de la Pobreza.<\/strong><br><br><em>\"En tu presencia vengo para hacer mis suplicas. Se t\u00fa el mensajero delas noticias milagrosas que espero, se t\u00fa la que solucione mi pobreza y mi malestar.<br>Ilum\u00edname Virgencita para conseguir la felicidad, la alegr\u00eda y el bienestar que tanto anhelo. C\u00fabreme con tu manto divino y dame la paz de mi alma y la ventura de lo que amo. Por los siglos de los siglos\"<\/em><br><br><strong>Amen<\/strong><\/pre>\n\n\n\n<figure class=\"wp-block-image alignleft is-resized\"><img loading=\"lazy\" decoding=\"async\" width=\"720\" height=\"1062\" src=\"https:\/\/cofradia-nsp.com.co\/wp-content\/uploads\/2025\/03\/Virgen.jpeg\" alt=\"\" class=\"wp-image-140\" style=\"width:359px;height:auto\" srcset=\"https:\/\/cofradia-nsp.com.co\/wp-content\/uploads\/2025\/03\/Virgen.jpeg 720w, https:\/\/cofradia-nsp.com.co\/wp-content\/uploads\/2025\/03\/Virgen-203x300.jpeg 203w, https:\/\/cofradia-nsp.com.co\/wp-content\/uploads\/2025\/03\/Virgen-694x1024.jpeg 694w\" sizes=\"auto, (max-width: 720px) 100vw, 720px\" \/><\/figure>\n<\/div>\n<\/div>\n<\/div>\n<\/div>\n<\/div><\/div>\n\n\n\n<div class=\"wp-block-columns is-layout-flex wp-container-core-columns-is-layout-28f84493 wp-block-columns-is-layout-flex\">\n<div class=\"wp-block-column is-layout-flow wp-block-column-is-layout-flow\" style=\"flex-basis:100%\">\n<div class=\"wp-block-group is-nowrap is-layout-flex wp-container-core-group-is-layout-6c531013 wp-block-group-is-layout-flex\">\n<div class=\"wp-block-group is-layout-constrained wp-block-group-is-layout-constrained\"><\/div>\n\n\n\n<div class=\"wp-block-group is-layout-constrained wp-block-group-is-layout-constrained\">\n<p class=\"has-black-color has-text-color has-link-color has-large-font-size wp-elements-f1169b9900bb485f72b9bd7fa3ec28a4\" style=\"text-transform:uppercase\"><strong>Objetivos<\/strong><\/p>\n\n\n\n<p class=\"has-black-color has-text-color has-link-color has-small-font-size wp-elements-d194996c68934701ee94e3171b43af15\">La Cofrad\u00eda tiene como fin principal, pero no exclusivo, promover la devoci\u00f3n y el culto p\u00fablico a los misterios de la Pasi\u00f3n, Muerte y Resurrecci\u00f3n de Cristo. El ingreso a la Cofrad\u00eda y participaci\u00f3n en todos los actos que se asiste y diferentes compromisos es de \u00edndole voluntaria; son objetivos tambi\u00e9n:<\/p>\n\n\n\n<ul class=\"wp-block-list\">\n<li class=\"has-black-color has-text-color has-link-color has-small-font-size wp-elements-e78a7466e66eb0fe29d13b326929a9a6\">Acompa\u00f1ar con su participaci\u00f3n a la Catedral Nuestra Se\u00f1ora de la Pobreza en las diferentes festividades y actividades que programe durante el a\u00f1o<\/li>\n\n\n\n<li class=\"has-black-color has-text-color has-link-color has-small-font-size wp-elements-32cf847aee1c9b7a662dfbad3615a3d6\">Fomentar entre los c\u00f3frades la pr\u00e1ctica de la virtud de la caridad cristiana.<\/li>\n\n\n\n<li class=\"has-black-color has-text-color has-link-color has-small-font-size wp-elements-b2f5d1840c69d25a74c5b099d608c8d9\">Atender la formaci\u00f3n de sus miembros con esp\u00edritu de renovaci\u00f3n cristiana y mutua asistencia material y espiritual de sus c\u00f3frades.<\/li>\n<\/ul>\n<\/div>\n\n\n\n<div class=\"wp-block-group is-nowrap is-layout-flex wp-container-core-group-is-layout-6c531013 wp-block-group-is-layout-flex\">\n<div class=\"wp-block-group is-nowrap is-layout-flex wp-container-core-group-is-layout-6c531013 wp-block-group-is-layout-flex\"><\/div>\n<\/div>\n<\/div>\n<\/div>\n<\/div>\n\n\n\n<p><\/p>\n\n\n\n<p class=\"has-black-color has-text-color has-link-color has-large-font-size wp-elements-8feea1c5f4943c9335893db28546ca8a\" style=\"text-transform:uppercase\"><strong>Modistas<\/strong><\/p>\n\n\n\n<p class=\"has-black-color has-text-color has-link-color has-small-font-size wp-elements-5e233a830aa5e4bce467f10bfb05c9b8\">Los siguientes son los modistas autorizados para elaborar los diferentes trajes de la Cofrad\u00eda<\/p>\n\n\n\n<ol class=\"wp-block-list\">\n<li class=\"has-black-color has-text-color has-link-color has-small-font-size wp-elements-d5e022a2654c9a175d1703b162f23a91\">Jaider Granada, carrera 1 No 42-24, celular 310-8408687<\/li>\n\n\n\n<li class=\"has-black-color has-text-color has-link-color has-small-font-size wp-elements-2cb9f272260b94edd366c1c6fdf4862d\">Melva Mej\u00eda, calle 21Bis No 2-12, celular 313-2277621<\/li>\n<\/ol>\n\n\n\n<pre class=\"wp-block-preformatted\"><\/pre>\n\n\n\n<p><\/p>\n","protected":false},"excerpt":{"rendered":"<p>Objetivos La Cofrad\u00eda tiene como fin principal, pero no exclusivo, promover la devoci\u00f3n y el culto p\u00fablico a los misterios de la Pasi\u00f3n, Muerte y Resurrecci\u00f3n de Cristo. El ingreso a la Cofrad\u00eda y participaci\u00f3n en todos los actos que se asiste y diferentes compromisos es de \u00edndole voluntaria; son objetivos tambi\u00e9n: Modistas Los siguientes [&hellip;]<\/p>\n","protected":false},"author":1,"featured_media":0,"parent":0,"menu_order":0,"comment_status":"closed","ping_status":"closed","template":"","meta":{"footnotes":""},"class_list":["post-2","page","type-page","status-publish","hentry"],"_links":{"self":[{"href":"https:\/\/cofradia-nsp.com.co\/index.php\/wp-json\/wp\/v2\/pages\/2","targetHints":{"allow":["GET"]}}],"collection":[{"href":"https:\/\/cofradia-nsp.com.co\/index.php\/wp-json\/wp\/v2\/pages"}],"about":[{"href":"https:\/\/cofradia-nsp.com.co\/index.php\/wp-json\/wp\/v2\/types\/page"}],"author":[{"embeddable":true,"href":"https:\/\/cofradia-nsp.com.co\/index.php\/wp-json\/wp\/v2\/users\/1"}],"replies":[{"embeddable":true,"href":"https:\/\/cofradia-nsp.com.co\/index.php\/wp-json\/wp\/v2\/comments?post=2"}],"version-history":[{"count":19,"href":"https:\/\/cofradia-nsp.com.co\/index.php\/wp-json\/wp\/v2\/pages\/2\/revisions"}],"predecessor-version":[{"id":150,"href":"https:\/\/cofradia-nsp.com.co\/index.php\/wp-json\/wp\/v2\/pages\/2\/revisions\/150"}],"wp:attachment":[{"href":"https:\/\/cofradia-nsp.com.co\/index.php\/wp-json\/wp\/v2\/media?parent=2"}],"curies":[{"name":"wp","href":"https:\/\/api.w.org\/{rel}","templated":true}]}}